{"id":5761,"date":"2025-04-15T06:09:23","date_gmt":"2025-04-15T06:09:23","guid":{"rendered":"https:\/\/amhazikaron.org\/research\/theorie-des-metaclans\/"},"modified":"2026-08-06T14:02:50","modified_gmt":"2026-08-06T14:02:50","slug":"theorie-des-metaclans","status":"publish","type":"research","link":"https:\/\/amhazikaron.org\/fr\/research\/theorie-des-metaclans\/","title":{"rendered":"La th\u00e9orie des m\u00e9ta-clans"},"content":{"rendered":"\t\t<div data-elementor-type=\"wp-post\" data-elementor-id=\"5761\" class=\"elementor elementor-5761 elementor-561\" data-elementor-post-type=\"research\">\n\t\t\t\t<div class=\"elementor-element elementor-element-9ae37de e-flex e-con-boxed e-con e-parent\" data-id=\"9ae37de\" data-element_type=\"container\" data-e-type=\"container\">\n\t\t\t\t\t<div class=\"e-con-inner\">\n\t\t<div class=\"elementor-element elementor-element-2f33076 e-con-full e-flex e-con e-child\" data-id=\"2f33076\" data-element_type=\"container\" data-e-type=\"container\">\n\t\t\t\t<div class=\"elementor-element elementor-element-6ed515f elementor-widget elementor-widget-image\" data-id=\"6ed515f\" data-element_type=\"widget\" data-e-type=\"widget\" data-widget_type=\"image.default\">\n\t\t\t\t<div class=\"elementor-widget-container\">\n\t\t\t\t\t\t\t\t\t\t\t\t\t\t\t<img fetchpriority=\"high\" decoding=\"async\" width=\"768\" height=\"768\" src=\"https:\/\/amhazikaron.org\/wp-content\/uploads\/2025\/04\/metaclans_ill-768x768.jpg\" class=\"attachment-medium_large size-medium_large wp-image-5763\" alt=\"Illustration de la th\u00e9orie des m\u00e9ta-clans\" srcset=\"https:\/\/amhazikaron.org\/wp-content\/uploads\/2025\/04\/metaclans_ill-768x768.jpg 768w, https:\/\/amhazikaron.org\/wp-content\/uploads\/2025\/04\/metaclans_ill-300x300.jpg 300w, https:\/\/amhazikaron.org\/wp-content\/uploads\/2025\/04\/metaclans_ill-150x150.jpg 150w, https:\/\/amhazikaron.org\/wp-content\/uploads\/2025\/04\/metaclans_ill.jpg 1024w\" sizes=\"(max-width: 768px) 100vw, 768px\" \/>\t\t\t\t\t\t\t\t\t\t\t\t\t\t\t<\/div>\n\t\t\t\t<\/div>\n\t\t\t\t<\/div>\n\t\t<div class=\"elementor-element elementor-element-a7b0ec9 e-con-full e-flex e-con e-child\" data-id=\"a7b0ec9\" data-element_type=\"container\" data-e-type=\"container\">\n\t\t\t\t<div class=\"elementor-element elementor-element-9c23c84 elementor-widget elementor-widget-text-editor\" data-id=\"9c23c84\" data-element_type=\"widget\" data-e-type=\"widget\" data-widget_type=\"text-editor.default\">\n\t\t\t\t<div class=\"elementor-widget-container\">\n\t\t\t\t\t\t\t\t\t<p><b>La th\u00e9orie des m\u00e9ta-clans<\/b><\/p><p><span style=\"font-weight: 400;\">La th\u00e9orie des m\u00e9ta-clans est le r\u00e9sultat d\u2019une vaste \u00e9tude empirique de 10 ans sur la vie des lignages juifs. Au cours de l\u2019\u00e9tude, le mat\u00e9riel factuel sur l\u2019histoire de 63 lignages juifs diff\u00e9rents a \u00e9t\u00e9 examin\u00e9 sur une p\u00e9riode allant jusqu\u2019\u00e0 950 ans.<\/span><\/p><p>\u00a0<\/p><p><b>Le principal r\u00e9sultat scientifique<\/b><\/p><p><span style=\"font-weight: 400;\">\u00c0 la suite des recherches, il a \u00e9t\u00e9 scientifiquement prouv\u00e9 pour la premi\u00e8re fois qu\u2019il existe dans la vie du peuple juif des r\u00e9gularit\u00e9s internes particuli\u00e8res assurant sa survie \u00e0 travers les mill\u00e9naires. Ces r\u00e9gularit\u00e9s s\u2019expriment par la pr\u00e9servation dans les lignages juifs de traits dominants, tels que :<\/span><\/p><ul><li style=\"font-weight: 400;\" aria-level=\"1\"><span style=\"font-weight: 400;\">domaines d&rsquo;activit\u00e9,<\/span><\/li><li style=\"font-weight: 400;\" aria-level=\"1\"><span style=\"font-weight: 400;\">les sch\u00e9mas de vie,<\/span><\/li><li style=\"font-weight: 400;\" aria-level=\"1\"><span style=\"font-weight: 400;\">le comportement social,<\/span><\/li><li style=\"font-weight: 400;\" aria-level=\"1\"><span style=\"font-weight: 400;\">les caract\u00e8res,<\/span><\/li><li style=\"font-weight: 400;\" aria-level=\"1\"><span style=\"font-weight: 400;\">les habitudes,<\/span><\/li><li style=\"font-weight: 400;\" aria-level=\"1\"><span style=\"font-weight: 400;\">le choix des partenaires, etc.<\/span><\/li><\/ul><p>\u00a0<\/p><p><b>Le ph\u00e9nom\u00e8ne du \u00ab m\u00e9ta-clan \u00bb<\/b><\/p><ul><li style=\"font-weight: 400;\" aria-level=\"1\"><span style=\"font-weight: 400;\">Malgr\u00e9 la grande \u00e9tendue temporelle de l\u2019existence des lignages ;<\/span><\/li><li style=\"font-weight: 400;\" aria-level=\"1\"><span style=\"font-weight: 400;\">malgr\u00e9 l\u2019\u00e9loignement g\u00e9ographique des branches familiales (c\u2019est-\u00e0-dire leur vie isol\u00e9e pendant au moins 100-150 ans, non seulement dans des pays diff\u00e9rents, mais aussi sur des continents diff\u00e9rents sans aucun lien entre elles) ;<\/span><\/li><li style=\"font-weight: 400;\" aria-level=\"1\"><span style=\"font-weight: 400;\">malgr\u00e9 l\u2019\u00e9loignement de parent\u00e9 entre les membres du lignage sur 10, 25, 38 g\u00e9n\u00e9rations et l\u2019absence totale de toute information sur les autres membres de la famille\u2014<\/span><\/li><\/ul><p><span style=\"font-weight: 400;\">la majorit\u00e9 des membres du lignage poss\u00e8dent les m\u00eames caract\u00e9ristiques personnelles. Ces membres du lignage ayant les m\u00eames caract\u00e9ristiques forment ce que l\u2019on appelle un \u00ab m\u00e9ta-clan \u00bb.<\/span><\/p><p>\u00a0<\/p><p><b>Ce qu\u2019affirme la th\u00e9orie<\/b><\/p><ul><li style=\"font-weight: 400;\" aria-level=\"1\"><span style=\"font-weight: 400;\">La th\u00e9orie des m\u00e9ta-clans affirme que les r\u00e9gularit\u00e9s susmentionn\u00e9es conduisent \u00e0 la pr\u00e9servation du caract\u00e8re du peuple juif tout au long de son histoire.<\/span><\/li><li style=\"font-weight: 400;\" aria-level=\"1\"><span style=\"font-weight: 400;\">L\u2019existence de ces r\u00e9gularit\u00e9s implique que chaque famille juive, tout comme l\u2019ensemble du peuple juif, a sa propre vocation unique.<\/span><\/li><\/ul><p>\u00a0<\/p><p><b>L\u2019importance de l\u2019\u00e9tude<\/b><\/p><ul><li style=\"font-weight: 400;\" aria-level=\"1\"><span style=\"font-weight: 400;\">La vision pr\u00e9sent\u00e9e ci-dessus ouvre une nouvelle page dans la compr\u00e9hension des m\u00e9canismes sous-jacents \u00e0 l\u2019histoire unique du peuple juif.<\/span><\/li><li style=\"font-weight: 400;\" aria-level=\"1\"><span style=\"font-weight: 400;\">L\u2019\u00e9tude repr\u00e9sente une tentative de d\u00e9coder le message encod\u00e9 dans l\u2019existence m\u00eame du peuple juif.<\/span><\/li><\/ul><p>\u00a0<\/p><p><b>Reconnaissance et statut du projet<\/b><\/p><ul><li style=\"font-weight: 400;\" aria-level=\"1\"><span style=\"font-weight: 400;\">Apr\u00e8s la publication de l\u2019\u00e9tude, les auteurs ont re\u00e7u le prix \u00ab Zeiti Yerushalaim \u00bb pour leur contribution au patrimoine national et \u00e0 son d\u00e9veloppement.<\/span><\/li><li style=\"font-weight: 400;\" aria-level=\"1\"><span style=\"font-weight: 400;\">La th\u00e9orie des m\u00e9ta-clans est expos\u00e9e plus en d\u00e9tail dans l\u2019article \u00ab Le peuple juif comme ph\u00e9nom\u00e8ne de long\u00e9vit\u00e9 historique : Vers la th\u00e9orie des m\u00e9ta-clans et les principes de survie \u00bb.<\/span><\/li><li style=\"font-weight: 400;\" aria-level=\"1\"><span style=\"font-weight: 400;\">Le projet a \u00e9t\u00e9 lanc\u00e9 en 2006 et est actuellement actif.<\/span><\/li><\/ul>\t\t\t\t\t\t\t\t<\/div>\n\t\t\t\t<\/div>\n\t\t\t\t<\/div>\n\t\t\t\t\t<\/div>\n\t\t\t\t<\/div>\n\t\t\t\t<\/div>\n\t\t","protected":false},"excerpt":{"rendered":"<p>le peuple juif est un syst\u00e8me de clans interconnect\u00e9s, dont chacun remplit son unique m\u00e9ta-objectif<\/p>\n","protected":false},"featured_media":5764,"template":"","meta":{"_acf_changed":false,"_monsterinsights_skip_tracking":false,"footnotes":""},"class_list":["post-5761","research","type-research","status-publish","has-post-thumbnail","hentry"],"acf":[],"yoast_head":"<!-- This site is optimized with the Yoast SEO plugin v28.3 - https:\/\/yoast.com\/product\/yoast-seo-wordpress\/ -->\n<title>La th\u00e9orie des m\u00e9ta-clans - Am haZikaron<\/title>\n<meta name=\"robots\" content=\"index, follow, max-snippet:-1, max-image-preview:large, max-video-preview:-1\" \/>\n<link rel=\"canonical\" href=\"https:\/\/amhazikaron.org\/fr\/research\/theorie-des-metaclans\/\" \/>\n<meta property=\"og:locale\" content=\"fr_FR\" \/>\n<meta property=\"og:type\" content=\"article\" \/>\n<meta property=\"og:title\" content=\"La th\u00e9orie des m\u00e9ta-clans - Am haZikaron\" \/>\n<meta property=\"og:description\" content=\"le peuple juif est un syst\u00e8me de clans interconnect\u00e9s, dont chacun remplit son unique m\u00e9ta-objectif\" \/>\n<meta property=\"og:url\" content=\"https:\/\/amhazikaron.org\/fr\/research\/theorie-des-metaclans\/\" \/>\n<meta property=\"og:site_name\" content=\"Am haZikaron\" \/>\n<meta property=\"article:publisher\" content=\"https:\/\/www.facebook.com\/jewage\" \/>\n<meta property=\"article:modified_time\" content=\"2026-08-06T14:02:50+00:00\" \/>\n<meta property=\"og:image\" content=\"https:\/\/amhazikaron.org\/wp-content\/uploads\/2025\/04\/metaclan22.jpg\" \/>\n\t<meta property=\"og:image:width\" content=\"1363\" \/>\n\t<meta property=\"og:image:height\" content=\"907\" \/>\n\t<meta property=\"og:image:type\" content=\"image\/jpeg\" \/>\n<meta name=\"twitter:card\" content=\"summary_large_image\" \/>\n<meta name=\"twitter:site\" content=\"@AmhaZikaron\" \/>\n<meta name=\"twitter:label1\" content=\"Dur\u00e9e de lecture estim\u00e9e\" \/>\n\t<meta name=\"twitter:data1\" content=\"3 minutes\" \/>\n<script type=\"application\/ld+json\" class=\"yoast-schema-graph\">{\"@context\":\"https:\\\/\\\/schema.org\",\"@graph\":[{\"@type\":\"WebPage\",\"@id\":\"https:\\\/\\\/amhazikaron.org\\\/fr\\\/research\\\/theorie-des-metaclans\\\/\",\"url\":\"https:\\\/\\\/amhazikaron.org\\\/fr\\\/research\\\/theorie-des-metaclans\\\/\",\"name\":\"La th\u00e9orie des m\u00e9ta-clans - Am haZikaron\",\"isPartOf\":{\"@id\":\"https:\\\/\\\/amhazikaron.org\\\/fr\\\/#website\"},\"primaryImageOfPage\":{\"@id\":\"https:\\\/\\\/amhazikaron.org\\\/fr\\\/research\\\/theorie-des-metaclans\\\/#primaryimage\"},\"image\":{\"@id\":\"https:\\\/\\\/amhazikaron.org\\\/fr\\\/research\\\/theorie-des-metaclans\\\/#primaryimage\"},\"thumbnailUrl\":\"https:\\\/\\\/amhazikaron.org\\\/wp-content\\\/uploads\\\/2025\\\/04\\\/metaclan22.jpg\",\"datePublished\":\"2025-04-15T06:09:23+00:00\",\"dateModified\":\"2026-08-06T14:02:50+00:00\",\"breadcrumb\":{\"@id\":\"https:\\\/\\\/amhazikaron.org\\\/fr\\\/research\\\/theorie-des-metaclans\\\/#breadcrumb\"},\"inLanguage\":\"fr-FR\",\"potentialAction\":[{\"@type\":\"ReadAction\",\"target\":[\"https:\\\/\\\/amhazikaron.org\\\/fr\\\/research\\\/theorie-des-metaclans\\\/\"]}]},{\"@type\":\"ImageObject\",\"inLanguage\":\"fr-FR\",\"@id\":\"https:\\\/\\\/amhazikaron.org\\\/fr\\\/research\\\/theorie-des-metaclans\\\/#primaryimage\",\"url\":\"https:\\\/\\\/amhazikaron.org\\\/wp-content\\\/uploads\\\/2025\\\/04\\\/metaclan22.jpg\",\"contentUrl\":\"https:\\\/\\\/amhazikaron.org\\\/wp-content\\\/uploads\\\/2025\\\/04\\\/metaclan22.jpg\",\"width\":1363,\"height\":907,\"caption\":\"Couverture de la th\u00e9orie des m\u00e9ta-clans\"},{\"@type\":\"BreadcrumbList\",\"@id\":\"https:\\\/\\\/amhazikaron.org\\\/fr\\\/research\\\/theorie-des-metaclans\\\/#breadcrumb\",\"itemListElement\":[{\"@type\":\"ListItem\",\"position\":1,\"name\":\"\u0413\u043b\u0430\u0432\u043d\u0430\u044f \u0441\u0442\u0440\u0430\u043d\u0438\u0446\u0430\",\"item\":\"https:\\\/\\\/amhazikaron.org\\\/fr\\\/principal\\\/\"},{\"@type\":\"ListItem\",\"position\":2,\"name\":\"La th\u00e9orie des m\u00e9ta-clans\"}]},{\"@type\":\"WebSite\",\"@id\":\"https:\\\/\\\/amhazikaron.org\\\/fr\\\/#website\",\"url\":\"https:\\\/\\\/amhazikaron.org\\\/fr\\\/\",\"name\":\"Am haZikaron\",\"description\":\"\u0418\u043d\u0441\u0442\u0438\u0442\u0443\u0442 \u043d\u0430\u0443\u043a\u0438, \u043a\u0443\u043b\u044c\u0442\u0443\u0440\u044b \u0438 \u043d\u0430\u0441\u043b\u0435\u0434\u0438\u044f \u0435\u0432\u0440\u0435\u0439\u0441\u043a\u043e\u0433\u043e \u043d\u0430\u0440\u043e\u0434\u0430\",\"publisher\":{\"@id\":\"https:\\\/\\\/amhazikaron.org\\\/fr\\\/#organization\"},\"potentialAction\":[{\"@type\":\"SearchAction\",\"target\":{\"@type\":\"EntryPoint\",\"urlTemplate\":\"https:\\\/\\\/amhazikaron.org\\\/fr\\\/?s={search_term_string}\"},\"query-input\":{\"@type\":\"PropertyValueSpecification\",\"valueRequired\":true,\"valueName\":\"search_term_string\"}}],\"inLanguage\":\"fr-FR\"},{\"@type\":\"Organization\",\"@id\":\"https:\\\/\\\/amhazikaron.org\\\/fr\\\/#organization\",\"name\":\"Am haZikaron\",\"url\":\"https:\\\/\\\/amhazikaron.org\\\/fr\\\/\",\"logo\":{\"@type\":\"ImageObject\",\"inLanguage\":\"fr-FR\",\"@id\":\"https:\\\/\\\/amhazikaron.org\\\/fr\\\/#\\\/schema\\\/logo\\\/image\\\/\",\"url\":\"https:\\\/\\\/amhazikaron.org\\\/wp-content\\\/uploads\\\/2025\\\/04\\\/logo.svg\",\"contentUrl\":\"https:\\\/\\\/amhazikaron.org\\\/wp-content\\\/uploads\\\/2025\\\/04\\\/logo.svg\",\"width\":48,\"height\":48,\"caption\":\"Am haZikaron\"},\"image\":{\"@id\":\"https:\\\/\\\/amhazikaron.org\\\/fr\\\/#\\\/schema\\\/logo\\\/image\\\/\"},\"sameAs\":[\"https:\\\/\\\/www.facebook.com\\\/jewage\",\"https:\\\/\\\/x.com\\\/AmhaZikaron\"]}]}<\/script>\n<!-- \/ Yoast SEO plugin. -->","yoast_head_json":{"title":"La th\u00e9orie des m\u00e9ta-clans - Am haZikaron","robots":{"index":"index","follow":"follow","max-snippet":"max-snippet:-1","max-image-preview":"max-image-preview:large","max-video-preview":"max-video-preview:-1"},"canonical":"https:\/\/amhazikaron.org\/fr\/research\/theorie-des-metaclans\/","og_locale":"fr_FR","og_type":"article","og_title":"La th\u00e9orie des m\u00e9ta-clans - Am haZikaron","og_description":"le peuple juif est un syst\u00e8me de clans interconnect\u00e9s, dont chacun remplit son unique m\u00e9ta-objectif","og_url":"https:\/\/amhazikaron.org\/fr\/research\/theorie-des-metaclans\/","og_site_name":"Am haZikaron","article_publisher":"https:\/\/www.facebook.com\/jewage","article_modified_time":"2026-08-06T14:02:50+00:00","og_image":[{"width":1363,"height":907,"url":"https:\/\/amhazikaron.org\/wp-content\/uploads\/2025\/04\/metaclan22.jpg","type":"image\/jpeg"}],"twitter_card":"summary_large_image","twitter_site":"@AmhaZikaron","twitter_misc":{"Dur\u00e9e de lecture estim\u00e9e":"3 minutes"},"schema":{"@context":"https:\/\/schema.org","@graph":[{"@type":"WebPage","@id":"https:\/\/amhazikaron.org\/fr\/research\/theorie-des-metaclans\/","url":"https:\/\/amhazikaron.org\/fr\/research\/theorie-des-metaclans\/","name":"La th\u00e9orie des m\u00e9ta-clans - Am haZikaron","isPartOf":{"@id":"https:\/\/amhazikaron.org\/fr\/#website"},"primaryImageOfPage":{"@id":"https:\/\/amhazikaron.org\/fr\/research\/theorie-des-metaclans\/#primaryimage"},"image":{"@id":"https:\/\/amhazikaron.org\/fr\/research\/theorie-des-metaclans\/#primaryimage"},"thumbnailUrl":"https:\/\/amhazikaron.org\/wp-content\/uploads\/2025\/04\/metaclan22.jpg","datePublished":"2025-04-15T06:09:23+00:00","dateModified":"2026-08-06T14:02:50+00:00","breadcrumb":{"@id":"https:\/\/amhazikaron.org\/fr\/research\/theorie-des-metaclans\/#breadcrumb"},"inLanguage":"fr-FR","potentialAction":[{"@type":"ReadAction","target":["https:\/\/amhazikaron.org\/fr\/research\/theorie-des-metaclans\/"]}]},{"@type":"ImageObject","inLanguage":"fr-FR","@id":"https:\/\/amhazikaron.org\/fr\/research\/theorie-des-metaclans\/#primaryimage","url":"https:\/\/amhazikaron.org\/wp-content\/uploads\/2025\/04\/metaclan22.jpg","contentUrl":"https:\/\/amhazikaron.org\/wp-content\/uploads\/2025\/04\/metaclan22.jpg","width":1363,"height":907,"caption":"Couverture de la th\u00e9orie des m\u00e9ta-clans"},{"@type":"BreadcrumbList","@id":"https:\/\/amhazikaron.org\/fr\/research\/theorie-des-metaclans\/#breadcrumb","itemListElement":[{"@type":"ListItem","position":1,"name":"\u0413\u043b\u0430\u0432\u043d\u0430\u044f \u0441\u0442\u0440\u0430\u043d\u0438\u0446\u0430","item":"https:\/\/amhazikaron.org\/fr\/principal\/"},{"@type":"ListItem","position":2,"name":"La th\u00e9orie des m\u00e9ta-clans"}]},{"@type":"WebSite","@id":"https:\/\/amhazikaron.org\/fr\/#website","url":"https:\/\/amhazikaron.org\/fr\/","name":"Am haZikaron","description":"\u0418\u043d\u0441\u0442\u0438\u0442\u0443\u0442 \u043d\u0430\u0443\u043a\u0438, \u043a\u0443\u043b\u044c\u0442\u0443\u0440\u044b \u0438 \u043d\u0430\u0441\u043b\u0435\u0434\u0438\u044f \u0435\u0432\u0440\u0435\u0439\u0441\u043a\u043e\u0433\u043e \u043d\u0430\u0440\u043e\u0434\u0430","publisher":{"@id":"https:\/\/amhazikaron.org\/fr\/#organization"},"potentialAction":[{"@type":"SearchAction","target":{"@type":"EntryPoint","urlTemplate":"https:\/\/amhazikaron.org\/fr\/?s={search_term_string}"},"query-input":{"@type":"PropertyValueSpecification","valueRequired":true,"valueName":"search_term_string"}}],"inLanguage":"fr-FR"},{"@type":"Organization","@id":"https:\/\/amhazikaron.org\/fr\/#organization","name":"Am haZikaron","url":"https:\/\/amhazikaron.org\/fr\/","logo":{"@type":"ImageObject","inLanguage":"fr-FR","@id":"https:\/\/amhazikaron.org\/fr\/#\/schema\/logo\/image\/","url":"https:\/\/amhazikaron.org\/wp-content\/uploads\/2025\/04\/logo.svg","contentUrl":"https:\/\/amhazikaron.org\/wp-content\/uploads\/2025\/04\/logo.svg","width":48,"height":48,"caption":"Am haZikaron"},"image":{"@id":"https:\/\/amhazikaron.org\/fr\/#\/schema\/logo\/image\/"},"sameAs":["https:\/\/www.facebook.com\/jewage","https:\/\/x.com\/AmhaZikaron"]}]}},"_links":{"self":[{"href":"https:\/\/amhazikaron.org\/fr\/wp-json\/wp\/v2\/research\/5761","targetHints":{"allow":["GET"]}}],"collection":[{"href":"https:\/\/amhazikaron.org\/fr\/wp-json\/wp\/v2\/research"}],"about":[{"href":"https:\/\/amhazikaron.org\/fr\/wp-json\/wp\/v2\/types\/research"}],"version-history":[{"count":13,"href":"https:\/\/amhazikaron.org\/fr\/wp-json\/wp\/v2\/research\/5761\/revisions"}],"predecessor-version":[{"id":11246,"href":"https:\/\/amhazikaron.org\/fr\/wp-json\/wp\/v2\/research\/5761\/revisions\/11246"}],"wp:featuredmedia":[{"embeddable":true,"href":"https:\/\/amhazikaron.org\/fr\/wp-json\/wp\/v2\/media\/5764"}],"wp:attachment":[{"href":"https:\/\/amhazikaron.org\/fr\/wp-json\/wp\/v2\/media?parent=5761"}],"curies":[{"name":"wp","href":"https:\/\/api.w.org\/{rel}","templated":true}]}}