{"id":5676,"date":"2025-04-15T06:10:03","date_gmt":"2025-04-15T06:10:03","guid":{"rendered":"https:\/\/amhazikaron.org\/research\/portrait-socio-psychologique-de-la-famille-programme-profil-de-la-famille\/"},"modified":"2025-08-15T05:42:21","modified_gmt":"2025-08-15T05:42:21","slug":"portrait-socio-psychologique-de-la-famille-programme-profil-de-la-famille","status":"publish","type":"research","link":"https:\/\/amhazikaron.org\/fr\/research\/portrait-socio-psychologique-de-la-famille-programme-profil-de-la-famille\/","title":{"rendered":"Portrait socio-psychologique de la famille &#8211; Programme Profil de la famille"},"content":{"rendered":"\t\t<div data-elementor-type=\"wp-post\" data-elementor-id=\"5676\" class=\"elementor elementor-5676 elementor-564\" data-elementor-post-type=\"research\">\n\t\t\t\t<div class=\"elementor-element elementor-element-f6fa4be e-flex e-con-boxed e-con e-parent\" data-id=\"f6fa4be\" data-element_type=\"container\" data-e-type=\"container\">\n\t\t\t\t\t<div class=\"e-con-inner\">\n\t\t<div class=\"elementor-element elementor-element-2defb12 e-con-full e-flex e-con e-child\" data-id=\"2defb12\" data-element_type=\"container\" data-e-type=\"container\">\n\t\t\t\t<div class=\"elementor-element elementor-element-ed43e52 elementor-widget elementor-widget-image\" data-id=\"ed43e52\" data-element_type=\"widget\" data-e-type=\"widget\" data-widget_type=\"image.default\">\n\t\t\t\t<div class=\"elementor-widget-container\">\n\t\t\t\t\t\t\t\t\t\t\t\t\t\t\t<img fetchpriority=\"high\" decoding=\"async\" width=\"800\" height=\"800\" src=\"https:\/\/amhazikaron.org\/wp-content\/uploads\/2025\/04\/social-0011.jpg\" class=\"attachment-large size-large wp-image-5679\" alt=\"Social portrait illustration\" srcset=\"https:\/\/amhazikaron.org\/wp-content\/uploads\/2025\/04\/social-0011.jpg 1024w, https:\/\/amhazikaron.org\/wp-content\/uploads\/2025\/04\/social-0011-300x300.jpg 300w, https:\/\/amhazikaron.org\/wp-content\/uploads\/2025\/04\/social-0011-150x150.jpg 150w, https:\/\/amhazikaron.org\/wp-content\/uploads\/2025\/04\/social-0011-768x768.jpg 768w\" sizes=\"(max-width: 800px) 100vw, 800px\" \/>\t\t\t\t\t\t\t\t\t\t\t\t\t\t\t<\/div>\n\t\t\t\t<\/div>\n\t\t\t\t<\/div>\n\t\t<div class=\"elementor-element elementor-element-a838d96 e-con-full e-flex e-con e-child\" data-id=\"a838d96\" data-element_type=\"container\" data-e-type=\"container\">\n\t\t\t\t<div class=\"elementor-element elementor-element-8b752ad elementor-widget elementor-widget-text-editor\" data-id=\"8b752ad\" data-element_type=\"widget\" data-e-type=\"widget\" data-widget_type=\"text-editor.default\">\n\t\t\t\t<div class=\"elementor-widget-container\">\n\t\t\t\t\t\t\t\t\t<p>Le programme \u00ab\u00a0Profil familial\u00a0\u00bb d\u00e9velopp\u00e9 par l&rsquo;institut isra\u00e9lien \u00ab\u00a0Am haZikaron\u00a0\u00bb utilise l&rsquo;analyse statistique pour d\u00e9terminer le type dominant de \u00ab\u00a0personnalit\u00e9 familiale\u00a0\u00bb. En d&rsquo;autres termes, il permet de d\u00e9finir une \u00ab\u00a0personnalit\u00e9 familiale\u00a0\u00bb conditionnelle, dont les traits sont r\u00e9guli\u00e8rement transmis \u00e0 la descendance et se manifestent par un certain nombre d&rsquo;aptitudes ou de talents, ce qui, en fin de compte, conduit une personne \u00e0 des r\u00e9alisations et \u00e0 des succ\u00e8s dans tel ou tel domaine. <\/p><p>Il est g\u00e9n\u00e9ralement possible d&rsquo;identifier certaines caract\u00e9ristiques d&rsquo;une famille juive donn\u00e9e \u00e0 laquelle une personne appartient depuis au moins deux cents ans. Ainsi, avec l&rsquo;une ou l&rsquo;autre probabilit\u00e9, nous pouvons non seulement plonger dans l&rsquo;histoire de la famille et \u00e9tablir son profil, mais aussi supposer les principales caract\u00e9ristiques g\u00e9n\u00e9rales de ses membres. <\/p><p>Le <span class=\"in-accent\">Profil Familial<\/span>, bas\u00e9 sur des donn\u00e9es statistiques et sur la th\u00e9orie de John L. Holland, consid\u00e8re le type de personnalit\u00e9 dominant comme une combinaison de plusieurs types de personnalit\u00e9 de base. Cela permet d&rsquo;utiliser le Family Profile pour d\u00e9finir un certain nombre de param\u00e8tres de base typiques de la personnalit\u00e9, qu&rsquo;ils soient professionnels, sociaux, psychologiques ou intellectuels. <\/p><p>Selon la th\u00e9orie g\u00e9n\u00e9ralement accept\u00e9e d\u00e9velopp\u00e9e par John L. Holland, la profession est l&rsquo;une des manifestations les plus \u00e9videntes du type de personnalit\u00e9. Sur cette base, il est logique que le type de personnalit\u00e9 d\u00e9termine \u00e9galement la profession. Selon cette affirmation, en connaissant la profession d&rsquo;une personne, nous pouvons supposer \u00e0 quel type de personnalit\u00e9 elle appartient. Dans le cadre de cette th\u00e9orie, le type de personnalit\u00e9 est d\u00e9crit comme une combinaison de six types de base : <span class=\"in-accent\">r\u00e9aliste, intellectuel, artistique, social, entreprenant<\/span> et <span class=\"in-accent\">conventionnel<\/span>.   <\/p><p>Dans ce cas, les types de personnalit\u00e9 peuvent \u00eatre caract\u00e9ris\u00e9s par les param\u00e8tres suivants : domaine d&rsquo;activit\u00e9 pr\u00e9f\u00e9r\u00e9, relations sociales et environnement professionnel, aspect psychologique de la personnalit\u00e9, capacit\u00e9s et traits de personnalit\u00e9, type de pens\u00e9e, type d&rsquo;intelligence, environnement pr\u00e9f\u00e9r\u00e9 et lieux de travail possibles, et parfois passe-temps typiques.<\/p><p>L&rsquo;institut isra\u00e9lien <span class=\"in-accent\">\u00ab\u00a0Am haZikaron\u00a0\u00bb<\/span> a men\u00e9 un certain nombre d&rsquo;\u00e9tudes statistiques int\u00e9ressantes, dont les conclusions (bas\u00e9es sur la th\u00e9orie de John L. Holland) ont conduit \u00e0 la cr\u00e9ation du programme \u00a0\u00bb <span class=\"in-accent\">Profil de la famille\u00a0\u00bb.<\/span><\/p><p>La premi\u00e8re de ces \u00e9tudes <span class=\"in-accent\">, intitul\u00e9e \u00ab\u00a0Structure professionnelle des porteurs de noms rabbiniques, professionnels et g\u00e9n\u00e9riques juifs<\/span> \u00a0\u00bb &#8211; une \u00e9tude statistique de la structure professionnelle de certains groupes familiaux &#8211; visait \u00e0 d\u00e9terminer si la diff\u00e9rence de comp\u00e9tences professionnelles des anc\u00eatres se refl\u00e9tait chez leurs descendants. Si l&rsquo;anc\u00eatre d&rsquo;une personne \u00e9tait un rabbin ou un artisan, comment cela affecterait-il les inclinaisons professionnelles de cette personne ? Certaines corr\u00e9lations entre les professions des anc\u00eatres et des descendants doivent, bien s\u00fbr, \u00eatre pr\u00e9sentes en vertu de la notion m\u00eame d&rsquo;h\u00e9r\u00e9dit\u00e9. Mais quelle est la force de ces corr\u00e9lations apr\u00e8s des centaines d&rsquo;ann\u00e9es et quelle est leur structure ? Si nous observons mille descendants de rabbins et mille descendants d&rsquo;artisans qui vivaient il y a des centaines d&rsquo;ann\u00e9es, ne seront-ils pas, apr\u00e8s tant d&rsquo;ann\u00e9es, diff\u00e9rents les uns des autres en ce qui concerne leurs pr\u00e9f\u00e9rences professionnelles ? \u00c0 leur tour, ne seront-ils pas diff\u00e9rents des Juifs dont les anc\u00eatres n&rsquo;appartenaient pas \u00e0 ces deux cat\u00e9gories ?     <\/p><p>Il s&rsquo;agissait d&rsquo;une t\u00e2che dans le domaine des statistiques, et la r\u00e9ponse a donc \u00e9t\u00e9 tr\u00e8s pr\u00e9cise. Il s&rsquo;est av\u00e9r\u00e9 que les pr\u00e9f\u00e9rences professionnelles des descendants de rabbins, d&rsquo;artisans et de Juifs n&rsquo;appartenant \u00e0 aucune de ces cat\u00e9gories diff\u00e8rent d&rsquo;une mani\u00e8re tr\u00e8s sp\u00e9cifique et statistiquement significative. <\/p><p>Cette \u00e9tude statistique [1] a \u00e9t\u00e9 men\u00e9e sur 9.386 individus. Une base de donn\u00e9es comprenant 858 et 1057 membres des deux premiers groupes (noms de famille rabbiniques et professionnels, respectivement) et 7471 noms de famille juifs courants a \u00e9t\u00e9 utilis\u00e9e. Les statistiques de la base de donn\u00e9es correspondaient aux statistiques d&rsquo;individus s\u00e9lectionn\u00e9s au hasard dans les groupes consid\u00e9r\u00e9s.  <\/p><p>La d\u00e9finition des types de professions a \u00e9t\u00e9 harmonis\u00e9e avec la classification internationale type des professions. Il s&rsquo;est av\u00e9r\u00e9 qu&rsquo;il existe une diff\u00e9rence statistiquement significative dans la structure professionnelle des trois groupes (qui n&rsquo;est pas expliqu\u00e9e par une erreur statistique). L&rsquo;ampleur de cette diff\u00e9rence a \u00e9t\u00e9 quantifi\u00e9e. Les implications pour la mobilit\u00e9 interg\u00e9n\u00e9rationnelle sont examin\u00e9es.   <\/p><p>La deuxi\u00e8me \u00e9tude r\u00e9alis\u00e9e est <span class=\"in-accent\">\u00ab\u00a0Statistics of clan component of intergenerational professional proactivity, unpublished \u00a0\u00bb (Statistiques de la composante clanique de la proactivit\u00e9 professionnelle interg\u00e9n\u00e9rationnelle, non publi\u00e9es<\/span> ).<\/p><p>Il a \u00e9t\u00e9 soulign\u00e9 que dans une famille, si l&rsquo;on consid\u00e8re l&rsquo;arbre g\u00e9n\u00e9alogique complet, plus de cinquante pour cent de la g\u00e9n\u00e9ration actuelle de ses membres sont des entrepreneurs plut\u00f4t que des employ\u00e9s. \u00c0 titre de comparaison, en Isra\u00ebl, \u00ab\u00a0le pays des start-ups\u00a0\u00bb, o\u00f9 l&rsquo;activit\u00e9 commerciale de la population est extr\u00eamement \u00e9lev\u00e9e, les entrepreneurs ne repr\u00e9sentent qu&rsquo;environ 7 %, selon le minist\u00e8re de l&rsquo;assurance nationale. Il a \u00e9t\u00e9 d\u00e9cid\u00e9 d&rsquo;enqu\u00eater sur l&rsquo;histoire de la famille afin de v\u00e9rifier si ce trait est h\u00e9r\u00e9ditaire et caract\u00e9ristique des autres g\u00e9n\u00e9rations de la famille, ou s&rsquo;il s&rsquo;agit simplement d&rsquo;une co\u00efncidence dans cette g\u00e9n\u00e9ration.  <\/p><p>Il s&rsquo;est av\u00e9r\u00e9 que le clan, qui avait commenc\u00e9 avec une seule famille vivant il y a un peu plus de deux cents ans, avait connu une croissance relativement rapide. \u00c0 partir de la fin du XIXe si\u00e8cle, chaque g\u00e9n\u00e9ration comptait des centaines de personnes. \u00c0 cette \u00e9poque, nombre de ces personnes avaient perdu tout lien entre elles et vivaient souvent dans des pays diff\u00e9rents. On aurait pu penser que ces personnes avaient des traits de caract\u00e8re diff\u00e9rents. Cependant, la r\u00e9alit\u00e9 s&rsquo;est av\u00e9r\u00e9e quelque peu diff\u00e9rente. Nous avons constat\u00e9 que les diff\u00e9rentes branches non apparent\u00e9es de cette lign\u00e9e produisent des personnes extr\u00eamement entreprenantes, de sorte que dans chaque branche, le pourcentage d&rsquo;entrepreneurs ou de personnes fortement entreprenantes qui ont leur propre entreprise dans un domaine ou un autre est \u00e0 peu pr\u00e8s le m\u00eame.     <\/p><p>Cinq g\u00e9n\u00e9rations de la famille ont \u00e9t\u00e9 \u00e9tudi\u00e9es, dont le nombre de membres s&rsquo;\u00e9levait \u00e0 plusieurs centaines de personnes, ce qui nous a permis d&rsquo;utiliser des m\u00e9thodes statistiques rigoureuses pour prouver cette similitude de caract\u00e8re entre les g\u00e9n\u00e9rations. Il s&rsquo;est av\u00e9r\u00e9 qu&rsquo;une qualit\u00e9 telle que l&rsquo;initiative et l&rsquo;esprit d&rsquo;entreprise se transmet dans une large mesure de mani\u00e8re persistante dans les familles sur plusieurs g\u00e9n\u00e9rations [2]. <\/p><p>La troisi\u00e8me \u00e9tude &#8211; <span class=\"in-accent\">\u00ab\u00a0Statistical analysis of differentiation of information array of family data by field of activity, unpublished<\/span> \u00a0\u00bb &#8211; \u00ab\u00a0Statistical analysis of differentiation of information array of family data by field of activity\u00a0\u00bb.<\/p><p>Si vous ouvrez n&rsquo;importe quelle encyclop\u00e9die juive, vous verrez que les porteurs des noms de famille les plus fr\u00e9quents sont tr\u00e8s diff\u00e9rents les uns des autres. Par exemple, parmi les porteurs d&rsquo;un nom de famille (par commodit\u00e9, nous les appellerons ci-dessous les repr\u00e9sentants d&rsquo;une famille, bien qu&rsquo;il y ait parmi eux des homonymes possibles, ce qui, toutefois, ne se produit pas si souvent dans les familles juives en raison des conditions sp\u00e9cifiques d&rsquo;attribution des noms de famille aux Juifs), nous voyons beaucoup de musiciens et peu d&rsquo;\u00e9crivains, et parmi les porteurs d&rsquo;un autre nom de famille &#8211; vice versa. \u00c9tant donn\u00e9 que nous parlons de dizaines de centaines de repr\u00e9sentants de ces noms de famille, cette observation ne semble pas accidentelle et nous indique que les diff\u00e9rents genres se manifestent dans la soci\u00e9t\u00e9 de diff\u00e9rentes mani\u00e8res. Certains genres sont dominants dans les arts, d&rsquo;autres dans les sciences, d&rsquo;autres dans la technologie, etc. (nous ne faisons que comparer le nombre relatif de personnes impliqu\u00e9es dans les arts et les sciences au sein de ces genres). Cependant, s&rsquo;il est possible de faire une telle observation \u00e0 l&rsquo;\u0153il nu, \u00ab\u00a0Am haZikaron\u00a0\u00bb s&rsquo;est fix\u00e9 une t\u00e2che : est-il possible de prouver, sur la base de ces observations, que les porteurs de diff\u00e9rents noms de famille sont objectivement diff\u00e9rents les uns des autres, et donc, sur la base de ce qui pr\u00e9c\u00e8de, de parler des aptitudes ou des talents de tel ou tel clan ?     <\/p><p>Une fois de plus, nous nous sommes tourn\u00e9s vers les statistiques, o\u00f9 nous avons d\u00e9j\u00e0 examin\u00e9 ce type de probl\u00e8mes. Si, comme on le pense souvent, un nom de famille n&rsquo;est rien d&rsquo;autre qu&rsquo;un nom de famille, alors les scientifiques, les hommes de l&rsquo;art et d&rsquo;autres sph\u00e8res d&rsquo;activit\u00e9 devraient \u00eatre pr\u00e9sents dans deux genres avec une probabilit\u00e9 plus ou moins \u00e9gale. Dans ce type d&rsquo;\u00e9tudes, l&rsquo;hypoth\u00e8se nulle peut \u00eatre test\u00e9e de mani\u00e8re coh\u00e9rente \u00e0 l&rsquo;aide de donn\u00e9es empiriques qui, dans notre cas, sont le nombre de repr\u00e9sentants les plus manifestes de diff\u00e9rents genres dans six encyclop\u00e9dies en quatre langues (h\u00e9breu, anglais, allemand, russe).  <\/p><p>En testant l&rsquo;hypoth\u00e8se nulle \u00e0 l&rsquo;aide de tests appropri\u00e9s appel\u00e9s tests de Kolmogorov-Smirnov, nous avons pu prouver que la diff\u00e9rence de talents des repr\u00e9sentants de diff\u00e9rents noms de famille est objective et que la diff\u00e9rence de proportions des repr\u00e9sentants de diff\u00e9rents genres dans les encyclop\u00e9dies ne peut \u00eatre consid\u00e9r\u00e9e comme une co\u00efncidence al\u00e9atoire. En d&rsquo;autres termes, nous nous sommes assur\u00e9s que les noms de famille, qui nous apparaissent habituellement comme des co\u00efncidences al\u00e9atoires, refl\u00e8tent les capacit\u00e9s des repr\u00e9sentants des genres donn\u00e9s. [3]  <\/p><p>Enfin, la quatri\u00e8me \u00e9tude men\u00e9e par l&rsquo;Institut est <span class=\"in-accent\">\u00ab\u00a0On the theory of meta-clans\u00a0\u00bb.<\/span><\/p><p>Cette \u00e9tude, men\u00e9e sur une p\u00e9riode de huit ans, a permis de d\u00e9gager les tendances suivantes :<\/p><p>Malgr\u00e9 la longueur de l&rsquo;espace temporel des familles (jusqu&rsquo;\u00e0 neuf cent cinquante ans), malgr\u00e9 l&rsquo;\u00e9loignement g\u00e9ographique entre les branches familiales (c&rsquo;est-\u00e0-dire leur r\u00e9sidence isol\u00e9e pendant au moins 100 \u00e0 150 ans, non seulement dans des pays diff\u00e9rents, mais aussi sur des continents diff\u00e9rents, avec une absence totale de communication entre eux), malgr\u00e9 la distance de parent\u00e9 entre les membres de la famille pendant 10, 25, 38 g\u00e9n\u00e9rations et l&rsquo;absence totale d&rsquo;informations sur les autres membres de la famille, les caract\u00e9ristiques dominantes du genre (metaclan) sont transmises de mani\u00e8re constante.<\/p><p>Au cours de la recherche, un certain nombre de traits dominants du genre (Metaclanus) ont \u00e9t\u00e9 identifi\u00e9s, qui n&rsquo;ont pas subi de changements pendant au moins pr\u00e8s de 10 si\u00e8cles d&rsquo;existence de ces familles et qui ont \u00e9t\u00e9 observ\u00e9s dans tous les genres \u00e9tudi\u00e9s sans exception. [4] <\/p><p>Ainsi, en r\u00e9sumant ce qui pr\u00e9c\u00e8de, nous pouvons supposer que :<\/p><ol><li>Les pr\u00e9f\u00e9rences professionnelles (comp\u00e9tences, au sens large) des anc\u00eatres sont en corr\u00e9lation avec le choix du domaine professionnel de leurs descendants, jusqu&rsquo;\u00e0 8-10 g\u00e9n\u00e9rations ou plus.<\/li><li>Il existe des aptitudes professionnelles transmises de g\u00e9n\u00e9ration en g\u00e9n\u00e9ration et r\u00e9unies par des groupes de noms de famille diff\u00e9rents (clans).<\/li><li>Les traits dominants du clan sont stables, ind\u00e9pendamment du temps et de la distance de parent\u00e9 entre les membres du clan.<\/li><li>Il existe un mod\u00e8le ancestral stable de comportement et des traits caract\u00e9ristiques dominants chez les repr\u00e9sentants d&rsquo;un clan particulier.<\/li><\/ol><p>Ainsi, en s&rsquo;appuyant sur la mani\u00e8re donn\u00e9e d&rsquo;\u00e9tudier l&rsquo;affichage des r\u00e9gularit\u00e9s dans l&rsquo;histoire d&rsquo;une sorte et la d\u00e9finition des qualit\u00e9s patrimoniales dominantes chez ses repr\u00e9sentants, conditionnellement nomm\u00e9e par nous G\u00e9n\u00e9asophie (du grec genos, genea &#8211; sorte, famille et sophia &#8211; sagesse), il est possible de passer aux r\u00e9sultats suivants de ces recherches.<\/p><p>\u00c0 partir des informations dont nous disposons sur une famille ou un nom de famille (qui, comme nous l&rsquo;avons vu plus haut, sont souvent des concepts similaires), \u00e0 savoir l&rsquo;\u00e9poque de son origine et sa dur\u00e9e d&rsquo;existence, les \u00e9v\u00e9nements survenus dans les lieux de r\u00e9sidence et les activit\u00e9s professionnelles, nous pouvons construire un profil familial d&rsquo;une famille particuli\u00e8re et de ses repr\u00e9sentants.<\/p><p>En r\u00e9sumant tout ce qui pr\u00e9c\u00e8de et en partant (selon John L. Holland) des aptitudes professionnelles d&rsquo;une personne (et dans ce cas, d&rsquo;un groupe entier d&rsquo;individus pour la plupart apparent\u00e9s), nous pouvons, comme nous l&rsquo;avons mentionn\u00e9 plus haut, d\u00e9terminer son type de personnalit\u00e9. Ceci, \u00e0 son tour, nous donne la possibilit\u00e9 d&rsquo;une mod\u00e9lisation ou d&rsquo;une pr\u00e9diction conditionnelle de ses inclinations, de ses capacit\u00e9s et de ses pr\u00e9dilections. <\/p><h3>Une br\u00e8ve bibliographie :<\/h3><h4>John Lewis Holland<\/h4><p class=\"answer biblio\">Holland, J. L. (1996). Exploring careers with a typology : What we have learned and some new directions. American Psychologist, 51  <\/p><p class=\"answer biblio\">Holland, J. L. (1997). Making vocational choices : A theory of vocational personalities and work environments (3e \u00e9d.). Odessa, FL : Psychological Assessment Resources, Inc.  <\/p><p class=\"answer biblio\">Holland, J. L. (1958). A personality inventory employing occupational titles. Journal of Applied Psychology, 42, 336-332.  <\/p><p class=\"answer biblio\">Holland, J. L. (1959). A theory of vocational choice. Journal of Counselling Psychology, 6, 35-45.  <\/p><p class=\"answer biblio\">Holland, J. L. (1974). Vocational guidance for everyone. Educational Researcher, 3 (1), 9-15.  <\/p><p class=\"answer biblio\">Holland, J. L., Holland, J. (1999). Why interest inventories are also personality inventories. In M. Savickas, A. Spokane (Eds.), Vocational interests : Meaning,measurement, and counselling use (pp. 87-102). Palo Alto, CA : Davies-Black.   <\/p><h4>Edward de Bono<\/h4><p class=\"answer biblio\">De Bono, Edward. L&rsquo;utilisation de la pens\u00e9e lat\u00e9rale. Penguin, 1971.  <\/p><p class=\"answer biblio\">De Bono, Edward, et Efrem Zimbalist. La pens\u00e9e lat\u00e9rale. Londres : Penguin, 1970.  <\/p><h4>Bruner, Jerome Seymour, et George Allen Austin.<\/h4><p class=\"answer biblio\">Bruner, Jerome Seymour, et George Allen Austin. Une \u00e9tude de la pens\u00e9e. Transaction publishers, 1986.  <\/p><h4>Joy Paul Guilford<\/h4><p class=\"answer biblio\">Guilford, J. P. (1950) Creativity, American Psychologist, Volume 5<\/p><p class=\"answer biblio\">Guilford, J. P. (1967). La nature de l&rsquo;intelligence humaine. <\/p><p class=\"answer biblio\">Guilford, J. P. Hoepfner, R. (1971). L&rsquo;analyse du renseignement. <\/p><h4>Ellis Paul Torrance<\/h4><p class=\"answer biblio\">Torrance, Ellis Paul. Thinking creatively in action and movement : Administration, scoring, and norms manual (Penser de mani\u00e8re cr\u00e9ative dans l&rsquo;action et le mouvement : manuel d&rsquo;administration, de notation et de normes). D\u00e9partement de psychologie \u00e9ducative, Universit\u00e9 de G\u00e9orgie, 1975.  <\/p><h4>Rubenson, Daniel L., et Mark A. Runco.<\/h4><p class=\"answer biblio\">\u00ab\u00a0L&rsquo;approche psycho\u00e9conomique de la cr\u00e9ativit\u00e9\u00a0\u00bb. Nouvelles id\u00e9es en psychologie 10.2 (1992). <\/p><h4>Howard Gardner<\/h4><p class=\"answer biblio\">Gardner, Howard. Les intelligences multiples. Vol.   5. Centre d&rsquo;\u00e9ducation artistique du Minnesota, 1992.<\/p><p class=\"answer biblio\">Gardner, Howard E. Intelligence reframed : Multiple intelligences for the 21st century. Hachette UK, 2000. <\/p><h4>Mayer, J.D., Salovey, P.<\/h4><p class=\"answer biblio\">Mayer, J.D., Salovey, P. (1997). What is emotional intelligence ? Dans P. Salovey, D. Sluyter (Eds.), Emotional development and emotional intelligence : Implications for educators (pp. 3-31). New York : Basic Books.   <\/p><h4>Matthews, Gerald, Moshe Zeidner et Richard D. Roberts.<\/h4><p class=\"answer biblio\">Matthews, Gerald, Moshe Zeidner et Richard D. Roberts. Emotional intelligence : Science and myth. MIT press, 2004.  <\/p><h4>Reuven Bar-On<\/h4><p class=\"answer biblio\">Le d\u00e9veloppement d&rsquo;un concept de bien-\u00eatre psychologique. \/ Th\u00e8se de doctorat. <\/p><p class=\"answer biblio\">Le mod\u00e8le bar-on de l&rsquo;intelligence \u00e9motionnelle et sociale (esi) Reuven Bar-On Universit\u00e9 du Texas Medical Branch<\/p><h4>Luria, Alexander Romanovich<\/h4><p class=\"answer biblio\">Luria, Alexander Romanovich. The Nature of Human Conflicts &#8211; or Emotion, Conflict, and Will : An Objective Study of Disorganisation and Control of Human Behaviour (La nature des conflits humains &#8211; ou Emotion, conflit et volont\u00e9 : une \u00e9tude objective de la d\u00e9sorganisation et du contr\u00f4le du comportement humain). New York : Liveright Publishers, 1932.  <\/p><h4>Rudolf Arnheim<\/h4><p class=\"answer biblio\">1954\/1974 : Art and Visual Perception : A Psychology of the Creative Eye. Berkeley et Los Angeles : University of California Press <\/p><p class=\"answer biblio\">1969 : La pens\u00e9e visuelle. Berkeley : University of California Press. <\/p><h4>Bloom, Benjamin S<\/h4><p class=\"answer biblio\">Bloom, Benjamin S. Taxonomie des objectifs \u00e9ducatifs (1956). Publi\u00e9 par Allyn and Bacon, Boston, MA. Copyright (c) 1984 par Pearson Education.  <\/p><h4>Anderson L. W. et Krathwohl D. R<\/h4><p class=\"answer biblio\">Anderson L.W. et Krathwohl D.R., et al (Eds.) A Taxonomy for Learning, Teaching, and Assessing : A Revision of Bloom&rsquo;s Taxonomy of Educational Objectives. New York : Longman, 2001. <\/p><h4>Sobchik, L. N.<\/h4><p class=\"answer biblio\">Sobchik, L. N. \u00ab\u00a0Psychologie de l&rsquo;individualit\u00e9\u00a0\u00bb. Th\u00e9orie et pratique du psychodiagnostic. Saint-P\u00e9tersbourg : Speech 624 (2003).   <\/p><h4>Leonhard Karl<\/h4><p class=\"answer biblio\">Leonhard Karl Akzentuierte Pers\u00f6nlichkeiten. &#8211; Berlin, 1976 <\/p><p><span class=\"in-accent\">[1]<\/span> Vidgop, A. J., Norton, N., Rosenberg, N., Haguel-Spitzberg, M., et Fouxon, I., 2020.<br><span class=\"in-accent\">Structure professionnelle des porteurs de noms rabbiniques, professionnels et g\u00e9n\u00e9riques juifs<\/span>. F1000Research, 9.<\/p><p>[<span class=\"in-accent\">2]<\/span> Vidgop, A. J., Norton, N., Haguel-Spitzberg, M. et Fouxon, I., 2022.<br><span class=\"in-accent\">Statistics of clan component of intergenerational professional proactivity<\/span>, non publi\u00e9.<\/p><p>[<span class=\"in-accent\">3]<\/span> Vidgop, A. J., Norton, N., Rosenberg, N., Haguel-Spitzberg, M. et Fouxon, I.,2022.<br><span class=\"in-accent\">Analyse statistique de la diff\u00e9renciation des tableaux d&rsquo;information des donn\u00e9es familiales par domaine d&rsquo;activit\u00e9<\/span>, non publi\u00e9e.<\/p><p><span class=\"in-accent\">[4]<\/span> Vidgop, A. J. et Haguel-Spitzberg, M.<br><span class=\"in-accent\">Sur la th\u00e9orie des m\u00e9taclans : une \u00e9tude multidisciplinaire<\/span>, Szondiana 37, Journal of Fate Analysis and Contributions to Depth Psychology, Zurich, 12 (2018).<\/p>\t\t\t\t\t\t\t\t<\/div>\n\t\t\t\t<\/div>\n\t\t\t\t<\/div>\n\t\t\t\t\t<\/div>\n\t\t\t\t<\/div>\n\t\t\t\t<\/div>\n\t\t","protected":false},"excerpt":{"rendered":"<p>Le programme \u00ab\u00a0Profil familial\u00a0\u00bb d\u00e9velopp\u00e9 par l&rsquo;institut isra\u00e9lien \u00ab\u00a0Am haZikaron\u00a0\u00bb utilise l&rsquo;analyse statistique pour d\u00e9terminer le type dominant de \u00ab\u00a0personnalit\u00e9 familiale\u00a0\u00bb. En d&rsquo;autres termes, il permet de d\u00e9finir une \u00ab\u00a0personnalit\u00e9 familiale\u00a0\u00bb conditionnelle, dont les traits sont r\u00e9guli\u00e8rement transmis \u00e0 la descendance et se manifestent par un certain nombre d&rsquo;aptitudes ou de talents, ce qui, en [&hellip;]<\/p>\n","protected":false},"featured_media":5677,"template":"","meta":{"_acf_changed":false,"_monsterinsights_skip_tracking":false,"_monsterinsights_sitenote_active":false,"_monsterinsights_sitenote_note":"","_monsterinsights_sitenote_category":0,"footnotes":""},"class_list":["post-5676","research","type-research","status-publish","has-post-thumbnail","hentry"],"acf":[],"yoast_head":"<!-- This site is optimized with the Yoast SEO plugin v27.3 - https:\/\/yoast.com\/product\/yoast-seo-wordpress\/ -->\n<title>Portrait socio-psychologique de la famille - Programme Profil de la famille - Am haZikaron<\/title>\n<meta name=\"robots\" content=\"index, follow, max-snippet:-1, max-image-preview:large, max-video-preview:-1\" \/>\n<link rel=\"canonical\" href=\"https:\/\/amhazikaron.org\/fr\/research\/portrait-socio-psychologique-de-la-famille-programme-profil-de-la-famille\/\" \/>\n<meta property=\"og:locale\" content=\"fr_FR\" \/>\n<meta property=\"og:type\" content=\"article\" \/>\n<meta property=\"og:title\" content=\"Portrait socio-psychologique de la famille - Programme Profil de la famille - Am haZikaron\" \/>\n<meta property=\"og:description\" content=\"Le programme \u00ab\u00a0Profil familial\u00a0\u00bb d\u00e9velopp\u00e9 par l&rsquo;institut isra\u00e9lien \u00ab\u00a0Am haZikaron\u00a0\u00bb utilise l&rsquo;analyse statistique pour d\u00e9terminer le type dominant de \u00ab\u00a0personnalit\u00e9 familiale\u00a0\u00bb. En d&rsquo;autres termes, il permet de d\u00e9finir une \u00ab\u00a0personnalit\u00e9 familiale\u00a0\u00bb conditionnelle, dont les traits sont r\u00e9guli\u00e8rement transmis \u00e0 la descendance et se manifestent par un certain nombre d&rsquo;aptitudes ou de talents, ce qui, en [&hellip;]\" \/>\n<meta property=\"og:url\" content=\"https:\/\/amhazikaron.org\/fr\/research\/portrait-socio-psychologique-de-la-famille-programme-profil-de-la-famille\/\" \/>\n<meta property=\"og:site_name\" content=\"Am haZikaron\" \/>\n<meta property=\"article:publisher\" content=\"https:\/\/www.facebook.com\/jewage\" \/>\n<meta property=\"article:modified_time\" content=\"2025-08-15T05:42:21+00:00\" \/>\n<meta property=\"og:image\" content=\"https:\/\/amhazikaron.org\/wp-content\/uploads\/2025\/04\/The-theory-of-metaclans-clr.jpg\" \/>\n\t<meta property=\"og:image:width\" content=\"500\" \/>\n\t<meta property=\"og:image:height\" content=\"333\" \/>\n\t<meta property=\"og:image:type\" content=\"image\/jpeg\" \/>\n<meta name=\"twitter:card\" content=\"summary_large_image\" \/>\n<meta name=\"twitter:site\" content=\"@AmhaZikaron\" \/>\n<meta name=\"twitter:label1\" content=\"Dur\u00e9e de lecture estim\u00e9e\" \/>\n\t<meta name=\"twitter:data1\" content=\"14 minutes\" \/>\n<script type=\"application\/ld+json\" class=\"yoast-schema-graph\">{\"@context\":\"https:\\\/\\\/schema.org\",\"@graph\":[{\"@type\":\"WebPage\",\"@id\":\"https:\\\/\\\/amhazikaron.org\\\/fr\\\/research\\\/portrait-socio-psychologique-de-la-famille-programme-profil-de-la-famille\\\/\",\"url\":\"https:\\\/\\\/amhazikaron.org\\\/fr\\\/research\\\/portrait-socio-psychologique-de-la-famille-programme-profil-de-la-famille\\\/\",\"name\":\"Portrait socio-psychologique de la famille - Programme Profil de la famille - Am haZikaron\",\"isPartOf\":{\"@id\":\"https:\\\/\\\/amhazikaron.org\\\/fr\\\/#website\"},\"primaryImageOfPage\":{\"@id\":\"https:\\\/\\\/amhazikaron.org\\\/fr\\\/research\\\/portrait-socio-psychologique-de-la-famille-programme-profil-de-la-famille\\\/#primaryimage\"},\"image\":{\"@id\":\"https:\\\/\\\/amhazikaron.org\\\/fr\\\/research\\\/portrait-socio-psychologique-de-la-famille-programme-profil-de-la-famille\\\/#primaryimage\"},\"thumbnailUrl\":\"https:\\\/\\\/amhazikaron.org\\\/wp-content\\\/uploads\\\/2025\\\/04\\\/The-theory-of-metaclans-clr.jpg\",\"datePublished\":\"2025-04-15T06:10:03+00:00\",\"dateModified\":\"2025-08-15T05:42:21+00:00\",\"breadcrumb\":{\"@id\":\"https:\\\/\\\/amhazikaron.org\\\/fr\\\/research\\\/portrait-socio-psychologique-de-la-famille-programme-profil-de-la-famille\\\/#breadcrumb\"},\"inLanguage\":\"fr-FR\",\"potentialAction\":[{\"@type\":\"ReadAction\",\"target\":[\"https:\\\/\\\/amhazikaron.org\\\/fr\\\/research\\\/portrait-socio-psychologique-de-la-famille-programme-profil-de-la-famille\\\/\"]}]},{\"@type\":\"ImageObject\",\"inLanguage\":\"fr-FR\",\"@id\":\"https:\\\/\\\/amhazikaron.org\\\/fr\\\/research\\\/portrait-socio-psychologique-de-la-famille-programme-profil-de-la-famille\\\/#primaryimage\",\"url\":\"https:\\\/\\\/amhazikaron.org\\\/wp-content\\\/uploads\\\/2025\\\/04\\\/The-theory-of-metaclans-clr.jpg\",\"contentUrl\":\"https:\\\/\\\/amhazikaron.org\\\/wp-content\\\/uploads\\\/2025\\\/04\\\/The-theory-of-metaclans-clr.jpg\",\"width\":500,\"height\":333,\"caption\":\"Socio-psychology cover\"},{\"@type\":\"BreadcrumbList\",\"@id\":\"https:\\\/\\\/amhazikaron.org\\\/fr\\\/research\\\/portrait-socio-psychologique-de-la-famille-programme-profil-de-la-famille\\\/#breadcrumb\",\"itemListElement\":[{\"@type\":\"ListItem\",\"position\":1,\"name\":\"\u0413\u043b\u0430\u0432\u043d\u0430\u044f \u0441\u0442\u0440\u0430\u043d\u0438\u0446\u0430\",\"item\":\"https:\\\/\\\/amhazikaron.org\\\/fr\\\/principal\\\/\"},{\"@type\":\"ListItem\",\"position\":2,\"name\":\"Portrait socio-psychologique de la famille &#8212; Programme Profil de la famille\"}]},{\"@type\":\"WebSite\",\"@id\":\"https:\\\/\\\/amhazikaron.org\\\/fr\\\/#website\",\"url\":\"https:\\\/\\\/amhazikaron.org\\\/fr\\\/\",\"name\":\"Am haZikaron\",\"description\":\"\u0418\u043d\u0441\u0442\u0438\u0442\u0443\u0442 \u043d\u0430\u0443\u043a\u0438, \u043a\u0443\u043b\u044c\u0442\u0443\u0440\u044b \u0438 \u043d\u0430\u0441\u043b\u0435\u0434\u0438\u044f \u0435\u0432\u0440\u0435\u0439\u0441\u043a\u043e\u0433\u043e \u043d\u0430\u0440\u043e\u0434\u0430\",\"publisher\":{\"@id\":\"https:\\\/\\\/amhazikaron.org\\\/fr\\\/#organization\"},\"potentialAction\":[{\"@type\":\"SearchAction\",\"target\":{\"@type\":\"EntryPoint\",\"urlTemplate\":\"https:\\\/\\\/amhazikaron.org\\\/fr\\\/?s={search_term_string}\"},\"query-input\":{\"@type\":\"PropertyValueSpecification\",\"valueRequired\":true,\"valueName\":\"search_term_string\"}}],\"inLanguage\":\"fr-FR\"},{\"@type\":\"Organization\",\"@id\":\"https:\\\/\\\/amhazikaron.org\\\/fr\\\/#organization\",\"name\":\"Am haZikaron\",\"url\":\"https:\\\/\\\/amhazikaron.org\\\/fr\\\/\",\"logo\":{\"@type\":\"ImageObject\",\"inLanguage\":\"fr-FR\",\"@id\":\"https:\\\/\\\/amhazikaron.org\\\/fr\\\/#\\\/schema\\\/logo\\\/image\\\/\",\"url\":\"https:\\\/\\\/amhazikaron.org\\\/wp-content\\\/uploads\\\/2025\\\/04\\\/logo.svg\",\"contentUrl\":\"https:\\\/\\\/amhazikaron.org\\\/wp-content\\\/uploads\\\/2025\\\/04\\\/logo.svg\",\"width\":48,\"height\":48,\"caption\":\"Am haZikaron\"},\"image\":{\"@id\":\"https:\\\/\\\/amhazikaron.org\\\/fr\\\/#\\\/schema\\\/logo\\\/image\\\/\"},\"sameAs\":[\"https:\\\/\\\/www.facebook.com\\\/jewage\",\"https:\\\/\\\/x.com\\\/AmhaZikaron\"]}]}<\/script>\n<!-- \/ Yoast SEO plugin. -->","yoast_head_json":{"title":"Portrait socio-psychologique de la famille - Programme Profil de la famille - Am haZikaron","robots":{"index":"index","follow":"follow","max-snippet":"max-snippet:-1","max-image-preview":"max-image-preview:large","max-video-preview":"max-video-preview:-1"},"canonical":"https:\/\/amhazikaron.org\/fr\/research\/portrait-socio-psychologique-de-la-famille-programme-profil-de-la-famille\/","og_locale":"fr_FR","og_type":"article","og_title":"Portrait socio-psychologique de la famille - Programme Profil de la famille - Am haZikaron","og_description":"Le programme \u00ab\u00a0Profil familial\u00a0\u00bb d\u00e9velopp\u00e9 par l&rsquo;institut isra\u00e9lien \u00ab\u00a0Am haZikaron\u00a0\u00bb utilise l&rsquo;analyse statistique pour d\u00e9terminer le type dominant de \u00ab\u00a0personnalit\u00e9 familiale\u00a0\u00bb. En d&rsquo;autres termes, il permet de d\u00e9finir une \u00ab\u00a0personnalit\u00e9 familiale\u00a0\u00bb conditionnelle, dont les traits sont r\u00e9guli\u00e8rement transmis \u00e0 la descendance et se manifestent par un certain nombre d&rsquo;aptitudes ou de talents, ce qui, en [&hellip;]","og_url":"https:\/\/amhazikaron.org\/fr\/research\/portrait-socio-psychologique-de-la-famille-programme-profil-de-la-famille\/","og_site_name":"Am haZikaron","article_publisher":"https:\/\/www.facebook.com\/jewage","article_modified_time":"2025-08-15T05:42:21+00:00","og_image":[{"width":500,"height":333,"url":"https:\/\/amhazikaron.org\/wp-content\/uploads\/2025\/04\/The-theory-of-metaclans-clr.jpg","type":"image\/jpeg"}],"twitter_card":"summary_large_image","twitter_site":"@AmhaZikaron","twitter_misc":{"Dur\u00e9e de lecture estim\u00e9e":"14 minutes"},"schema":{"@context":"https:\/\/schema.org","@graph":[{"@type":"WebPage","@id":"https:\/\/amhazikaron.org\/fr\/research\/portrait-socio-psychologique-de-la-famille-programme-profil-de-la-famille\/","url":"https:\/\/amhazikaron.org\/fr\/research\/portrait-socio-psychologique-de-la-famille-programme-profil-de-la-famille\/","name":"Portrait socio-psychologique de la famille - Programme Profil de la famille - Am haZikaron","isPartOf":{"@id":"https:\/\/amhazikaron.org\/fr\/#website"},"primaryImageOfPage":{"@id":"https:\/\/amhazikaron.org\/fr\/research\/portrait-socio-psychologique-de-la-famille-programme-profil-de-la-famille\/#primaryimage"},"image":{"@id":"https:\/\/amhazikaron.org\/fr\/research\/portrait-socio-psychologique-de-la-famille-programme-profil-de-la-famille\/#primaryimage"},"thumbnailUrl":"https:\/\/amhazikaron.org\/wp-content\/uploads\/2025\/04\/The-theory-of-metaclans-clr.jpg","datePublished":"2025-04-15T06:10:03+00:00","dateModified":"2025-08-15T05:42:21+00:00","breadcrumb":{"@id":"https:\/\/amhazikaron.org\/fr\/research\/portrait-socio-psychologique-de-la-famille-programme-profil-de-la-famille\/#breadcrumb"},"inLanguage":"fr-FR","potentialAction":[{"@type":"ReadAction","target":["https:\/\/amhazikaron.org\/fr\/research\/portrait-socio-psychologique-de-la-famille-programme-profil-de-la-famille\/"]}]},{"@type":"ImageObject","inLanguage":"fr-FR","@id":"https:\/\/amhazikaron.org\/fr\/research\/portrait-socio-psychologique-de-la-famille-programme-profil-de-la-famille\/#primaryimage","url":"https:\/\/amhazikaron.org\/wp-content\/uploads\/2025\/04\/The-theory-of-metaclans-clr.jpg","contentUrl":"https:\/\/amhazikaron.org\/wp-content\/uploads\/2025\/04\/The-theory-of-metaclans-clr.jpg","width":500,"height":333,"caption":"Socio-psychology cover"},{"@type":"BreadcrumbList","@id":"https:\/\/amhazikaron.org\/fr\/research\/portrait-socio-psychologique-de-la-famille-programme-profil-de-la-famille\/#breadcrumb","itemListElement":[{"@type":"ListItem","position":1,"name":"\u0413\u043b\u0430\u0432\u043d\u0430\u044f \u0441\u0442\u0440\u0430\u043d\u0438\u0446\u0430","item":"https:\/\/amhazikaron.org\/fr\/principal\/"},{"@type":"ListItem","position":2,"name":"Portrait socio-psychologique de la famille &#8212; Programme Profil de la famille"}]},{"@type":"WebSite","@id":"https:\/\/amhazikaron.org\/fr\/#website","url":"https:\/\/amhazikaron.org\/fr\/","name":"Am haZikaron","description":"\u0418\u043d\u0441\u0442\u0438\u0442\u0443\u0442 \u043d\u0430\u0443\u043a\u0438, \u043a\u0443\u043b\u044c\u0442\u0443\u0440\u044b \u0438 \u043d\u0430\u0441\u043b\u0435\u0434\u0438\u044f \u0435\u0432\u0440\u0435\u0439\u0441\u043a\u043e\u0433\u043e \u043d\u0430\u0440\u043e\u0434\u0430","publisher":{"@id":"https:\/\/amhazikaron.org\/fr\/#organization"},"potentialAction":[{"@type":"SearchAction","target":{"@type":"EntryPoint","urlTemplate":"https:\/\/amhazikaron.org\/fr\/?s={search_term_string}"},"query-input":{"@type":"PropertyValueSpecification","valueRequired":true,"valueName":"search_term_string"}}],"inLanguage":"fr-FR"},{"@type":"Organization","@id":"https:\/\/amhazikaron.org\/fr\/#organization","name":"Am haZikaron","url":"https:\/\/amhazikaron.org\/fr\/","logo":{"@type":"ImageObject","inLanguage":"fr-FR","@id":"https:\/\/amhazikaron.org\/fr\/#\/schema\/logo\/image\/","url":"https:\/\/amhazikaron.org\/wp-content\/uploads\/2025\/04\/logo.svg","contentUrl":"https:\/\/amhazikaron.org\/wp-content\/uploads\/2025\/04\/logo.svg","width":48,"height":48,"caption":"Am haZikaron"},"image":{"@id":"https:\/\/amhazikaron.org\/fr\/#\/schema\/logo\/image\/"},"sameAs":["https:\/\/www.facebook.com\/jewage","https:\/\/x.com\/AmhaZikaron"]}]}},"_links":{"self":[{"href":"https:\/\/amhazikaron.org\/fr\/wp-json\/wp\/v2\/research\/5676","targetHints":{"allow":["GET"]}}],"collection":[{"href":"https:\/\/amhazikaron.org\/fr\/wp-json\/wp\/v2\/research"}],"about":[{"href":"https:\/\/amhazikaron.org\/fr\/wp-json\/wp\/v2\/types\/research"}],"version-history":[{"count":1,"href":"https:\/\/amhazikaron.org\/fr\/wp-json\/wp\/v2\/research\/5676\/revisions"}],"predecessor-version":[{"id":5680,"href":"https:\/\/amhazikaron.org\/fr\/wp-json\/wp\/v2\/research\/5676\/revisions\/5680"}],"wp:featuredmedia":[{"embeddable":true,"href":"https:\/\/amhazikaron.org\/fr\/wp-json\/wp\/v2\/media\/5677"}],"wp:attachment":[{"href":"https:\/\/amhazikaron.org\/fr\/wp-json\/wp\/v2\/media?parent=5676"}],"curies":[{"name":"wp","href":"https:\/\/api.w.org\/{rel}","templated":true}]}}