{"id":5756,"date":"2025-04-15T06:09:23","date_gmt":"2025-04-15T06:09:23","guid":{"rendered":"https:\/\/amhazikaron.org\/research\/teoria-de-los-metaclanes\/"},"modified":"2026-08-06T13:57:28","modified_gmt":"2026-08-06T13:57:28","slug":"teoria-de-los-metaclanes","status":"publish","type":"research","link":"https:\/\/amhazikaron.org\/es\/research\/teoria-de-los-metaclanes\/","title":{"rendered":"Teor\u00eda de los metaclanes"},"content":{"rendered":"\t\t<div data-elementor-type=\"wp-post\" data-elementor-id=\"5756\" class=\"elementor elementor-5756 elementor-561\" data-elementor-post-type=\"research\">\n\t\t\t\t<div class=\"elementor-element elementor-element-9ae37de e-flex e-con-boxed e-con e-parent\" data-id=\"9ae37de\" data-element_type=\"container\" data-e-type=\"container\">\n\t\t\t\t\t<div class=\"e-con-inner\">\n\t\t<div class=\"elementor-element elementor-element-2f33076 e-con-full e-flex e-con e-child\" data-id=\"2f33076\" data-element_type=\"container\" data-e-type=\"container\">\n\t\t\t\t<div class=\"elementor-element elementor-element-6ed515f elementor-widget elementor-widget-image\" data-id=\"6ed515f\" data-element_type=\"widget\" data-e-type=\"widget\" data-widget_type=\"image.default\">\n\t\t\t\t<div class=\"elementor-widget-container\">\n\t\t\t\t\t\t\t\t\t\t\t\t\t\t\t<img fetchpriority=\"high\" decoding=\"async\" width=\"768\" height=\"768\" src=\"https:\/\/amhazikaron.org\/wp-content\/uploads\/2025\/04\/metaclans_ill-768x768.jpg\" class=\"attachment-medium_large size-medium_large wp-image-5758\" alt=\"Metaclans teory illustration\" srcset=\"https:\/\/amhazikaron.org\/wp-content\/uploads\/2025\/04\/metaclans_ill-768x768.jpg 768w, https:\/\/amhazikaron.org\/wp-content\/uploads\/2025\/04\/metaclans_ill-300x300.jpg 300w, https:\/\/amhazikaron.org\/wp-content\/uploads\/2025\/04\/metaclans_ill-150x150.jpg 150w, https:\/\/amhazikaron.org\/wp-content\/uploads\/2025\/04\/metaclans_ill.jpg 1024w\" sizes=\"(max-width: 768px) 100vw, 768px\" \/>\t\t\t\t\t\t\t\t\t\t\t\t\t\t\t<\/div>\n\t\t\t\t<\/div>\n\t\t\t\t<\/div>\n\t\t<div class=\"elementor-element elementor-element-a7b0ec9 e-con-full e-flex e-con e-child\" data-id=\"a7b0ec9\" data-element_type=\"container\" data-e-type=\"container\">\n\t\t\t\t<div class=\"elementor-element elementor-element-9c23c84 elementor-widget elementor-widget-text-editor\" data-id=\"9c23c84\" data-element_type=\"widget\" data-e-type=\"widget\" data-widget_type=\"text-editor.default\">\n\t\t\t\t<div class=\"elementor-widget-container\">\n\t\t\t\t\t\t\t\t\t<p><b>La teor\u00eda de los metaclanes<\/b><\/p><p><span style=\"font-weight: 400;\">La teor\u00eda de los metaclanes es el resultado de un extenso estudio emp\u00edrico de 10 a\u00f1os sobre la vida de los clanes jud\u00edos. En el curso del estudio se examin\u00f3 material f\u00e1ctico sobre la historia de 63 clanes jud\u00edos diferentes, en un rango de hasta 950 a\u00f1os.<\/span><\/p><p>\u00a0<\/p><p><b>El principal resultado cient\u00edfico<\/b><\/p><p><span style=\"font-weight: 400;\">Como resultado de la investigaci\u00f3n, se ha demostrado cient\u00edficamente por primera vez que en la vida del pueblo jud\u00edo existen leyes internas especiales que aseguran su supervivencia a lo largo de milenios. Estas leyes se expresan en la preservaci\u00f3n, dentro de los clanes jud\u00edos, de caracter\u00edsticas dominantes, tales como:<\/span><\/p><ul><li style=\"font-weight: 400;\" aria-level=\"1\"><span style=\"font-weight: 400;\">\u00e1reas de actividad,<\/span><\/li><li style=\"font-weight: 400;\" aria-level=\"1\"><span style=\"font-weight: 400;\">patrones de vida,<\/span><\/li><li style=\"font-weight: 400;\" aria-level=\"1\"><span style=\"font-weight: 400;\">comportamiento social,<\/span><\/li><li style=\"font-weight: 400;\" aria-level=\"1\"><span style=\"font-weight: 400;\">caracteres,<\/span><\/li><li style=\"font-weight: 400;\" aria-level=\"1\"><span style=\"font-weight: 400;\">h\u00e1bitos,<\/span><\/li><li style=\"font-weight: 400;\" aria-level=\"1\"><span style=\"font-weight: 400;\">elecci\u00f3n de parejas, etc.<\/span><\/li><\/ul><p>\u00a0<\/p><p><b>El fen\u00f3meno del \u00abmetacl\u00e1n\u00bb<\/b><\/p><ul><li style=\"font-weight: 400;\" aria-level=\"1\"><span style=\"font-weight: 400;\">A pesar de la gran extensi\u00f3n temporal de la existencia de los clanes;<\/span><\/li><li style=\"font-weight: 400;\" aria-level=\"1\"><span style=\"font-weight: 400;\">a pesar de la separaci\u00f3n geogr\u00e1fica de las ramas familiares (es decir, su residencia aislada durante al menos 100-150 a\u00f1os no solo en diferentes pa\u00edses, sino tambi\u00e9n en diferentes continentes, sin ning\u00fan contacto entre ellas);<\/span><\/li><li style=\"font-weight: 400;\" aria-level=\"1\"><span style=\"font-weight: 400;\">a pesar de la separaci\u00f3n de parentesco entre los miembros de un clan de 10, 25, 38 generaciones y la ausencia total de cualquier informaci\u00f3n sobre otros miembros de la familia,<\/span><\/li><\/ul><p><span style=\"font-weight: 400;\">la mayor\u00eda de los miembros del clan tienen las mismas caracter\u00edsticas personales. Estos miembros del clan, que tienen las mismas caracter\u00edsticas, forman el llamado \u00abmetacl\u00e1n\u00bb.<\/span><\/p><p>\u00a0<\/p><p><b>Qu\u00e9 afirma la teor\u00eda<\/b><\/p><ul><li style=\"font-weight: 400;\" aria-level=\"1\"><span style=\"font-weight: 400;\">La teor\u00eda de los metaclanes afirma que las leyes arriba mencionadas conducen a la preservaci\u00f3n del car\u00e1cter del pueblo jud\u00edo a lo largo de toda su historia.<\/span><\/li><li style=\"font-weight: 400;\" aria-level=\"1\"><span style=\"font-weight: 400;\">La existencia de estas leyes implica que cada familia jud\u00eda, al igual que todo el pueblo jud\u00edo, tiene su propia vocaci\u00f3n \u00fanica.<\/span><\/li><\/ul><p>\u00a0<\/p><p><b>La importancia del estudio<\/b><\/p><ul><li style=\"font-weight: 400;\" aria-level=\"1\"><span style=\"font-weight: 400;\">La visi\u00f3n presentada arriba abre una nueva p\u00e1gina en la comprensi\u00f3n de los mecanismos que subyacen a la historia \u00fanica del pueblo jud\u00edo.<\/span><\/li><li style=\"font-weight: 400;\" aria-level=\"1\"><span style=\"font-weight: 400;\">El estudio representa un intento de descifrar el mensaje codificado en la existencia misma del pueblo jud\u00edo.<\/span><\/li><\/ul><p>\u00a0<\/p><p><b>Reconocimiento y estado del <\/b><b>proyecto<\/b><\/p><ul><li style=\"font-weight: 400;\" aria-level=\"1\"><span style=\"font-weight: 400;\">Tras la publicaci\u00f3n de la investigaci\u00f3n, los autores fueron galardonados con el premio \u00abZeiti Yerushalaim\u00bb por su contribuci\u00f3n al patrimonio nacional y a su desarrollo.<\/span><\/li><li style=\"font-weight: 400;\" aria-level=\"1\"><span style=\"font-weight: 400;\">La teor\u00eda de los metaclanes se expone con mayor detalle en el art\u00edculo \u00abThe Jewish People as a phenomenon of historical longevity: On the theory of meta-clans and the principles of survival\u00bb.<\/span><\/li><li style=\"font-weight: 400;\" aria-level=\"1\"><span style=\"font-weight: 400;\">El proyecto fue lanzado en 2006 y est\u00e1 activo en la actualidad.<\/span><\/li><\/ul>\t\t\t\t\t\t\t\t<\/div>\n\t\t\t\t<\/div>\n\t\t\t\t<\/div>\n\t\t\t\t\t<\/div>\n\t\t\t\t<\/div>\n\t\t\t\t<\/div>\n\t\t","protected":false},"excerpt":{"rendered":"<p>El pueblo jud\u00edo es un sistema de clanes interconectados, cada uno cumpliendo su propia meta-tarea \u00fanica<\/p>\n","protected":false},"featured_media":5759,"template":"","meta":{"_acf_changed":false,"_monsterinsights_skip_tracking":false,"footnotes":""},"class_list":["post-5756","research","type-research","status-publish","has-post-thumbnail","hentry"],"acf":[],"yoast_head":"<!-- This site is optimized with the Yoast SEO plugin v28.3 - https:\/\/yoast.com\/product\/yoast-seo-wordpress\/ -->\n<title>Teor\u00eda de los metaclanes - Am haZikaron<\/title>\n<meta name=\"robots\" content=\"index, follow, max-snippet:-1, max-image-preview:large, max-video-preview:-1\" \/>\n<link rel=\"canonical\" href=\"https:\/\/amhazikaron.org\/es\/research\/teoria-de-los-metaclanes\/\" \/>\n<meta property=\"og:locale\" content=\"es_ES\" \/>\n<meta property=\"og:type\" content=\"article\" \/>\n<meta property=\"og:title\" content=\"Teor\u00eda de los metaclanes - Am haZikaron\" \/>\n<meta property=\"og:description\" content=\"El pueblo jud\u00edo es un sistema de clanes interconectados, cada uno cumpliendo su propia meta-tarea \u00fanica\" \/>\n<meta property=\"og:url\" content=\"https:\/\/amhazikaron.org\/es\/research\/teoria-de-los-metaclanes\/\" \/>\n<meta property=\"og:site_name\" content=\"Am haZikaron\" \/>\n<meta property=\"article:publisher\" content=\"https:\/\/www.facebook.com\/jewage\" \/>\n<meta property=\"article:modified_time\" content=\"2026-08-06T13:57:28+00:00\" \/>\n<meta property=\"og:image\" content=\"https:\/\/amhazikaron.org\/wp-content\/uploads\/2025\/04\/metaclan22.jpg\" \/>\n\t<meta property=\"og:image:width\" content=\"1363\" \/>\n\t<meta property=\"og:image:height\" content=\"907\" \/>\n\t<meta property=\"og:image:type\" content=\"image\/jpeg\" \/>\n<meta name=\"twitter:card\" content=\"summary_large_image\" \/>\n<meta name=\"twitter:site\" content=\"@AmhaZikaron\" \/>\n<meta name=\"twitter:label1\" content=\"Tiempo de lectura\" \/>\n\t<meta name=\"twitter:data1\" content=\"3 minutos\" \/>\n<script type=\"application\/ld+json\" class=\"yoast-schema-graph\">{\"@context\":\"https:\\\/\\\/schema.org\",\"@graph\":[{\"@type\":\"WebPage\",\"@id\":\"https:\\\/\\\/amhazikaron.org\\\/es\\\/research\\\/teoria-de-los-metaclanes\\\/\",\"url\":\"https:\\\/\\\/amhazikaron.org\\\/es\\\/research\\\/teoria-de-los-metaclanes\\\/\",\"name\":\"Teor\u00eda de los metaclanes - Am haZikaron\",\"isPartOf\":{\"@id\":\"https:\\\/\\\/amhazikaron.org\\\/es\\\/#website\"},\"primaryImageOfPage\":{\"@id\":\"https:\\\/\\\/amhazikaron.org\\\/es\\\/research\\\/teoria-de-los-metaclanes\\\/#primaryimage\"},\"image\":{\"@id\":\"https:\\\/\\\/amhazikaron.org\\\/es\\\/research\\\/teoria-de-los-metaclanes\\\/#primaryimage\"},\"thumbnailUrl\":\"https:\\\/\\\/amhazikaron.org\\\/wp-content\\\/uploads\\\/2025\\\/04\\\/metaclan22.jpg\",\"datePublished\":\"2025-04-15T06:09:23+00:00\",\"dateModified\":\"2026-08-06T13:57:28+00:00\",\"breadcrumb\":{\"@id\":\"https:\\\/\\\/amhazikaron.org\\\/es\\\/research\\\/teoria-de-los-metaclanes\\\/#breadcrumb\"},\"inLanguage\":\"es\",\"potentialAction\":[{\"@type\":\"ReadAction\",\"target\":[\"https:\\\/\\\/amhazikaron.org\\\/es\\\/research\\\/teoria-de-los-metaclanes\\\/\"]}]},{\"@type\":\"ImageObject\",\"inLanguage\":\"es\",\"@id\":\"https:\\\/\\\/amhazikaron.org\\\/es\\\/research\\\/teoria-de-los-metaclanes\\\/#primaryimage\",\"url\":\"https:\\\/\\\/amhazikaron.org\\\/wp-content\\\/uploads\\\/2025\\\/04\\\/metaclan22.jpg\",\"contentUrl\":\"https:\\\/\\\/amhazikaron.org\\\/wp-content\\\/uploads\\\/2025\\\/04\\\/metaclan22.jpg\",\"width\":1363,\"height\":907,\"caption\":\"Metaclans teory cover\"},{\"@type\":\"BreadcrumbList\",\"@id\":\"https:\\\/\\\/amhazikaron.org\\\/es\\\/research\\\/teoria-de-los-metaclanes\\\/#breadcrumb\",\"itemListElement\":[{\"@type\":\"ListItem\",\"position\":1,\"name\":\"\u0413\u043b\u0430\u0432\u043d\u0430\u044f \u0441\u0442\u0440\u0430\u043d\u0438\u0446\u0430\",\"item\":\"https:\\\/\\\/amhazikaron.org\\\/es\\\/principal\\\/\"},{\"@type\":\"ListItem\",\"position\":2,\"name\":\"Teor\u00eda de los metaclanes\"}]},{\"@type\":\"WebSite\",\"@id\":\"https:\\\/\\\/amhazikaron.org\\\/es\\\/#website\",\"url\":\"https:\\\/\\\/amhazikaron.org\\\/es\\\/\",\"name\":\"Am haZikaron\",\"description\":\"\u0418\u043d\u0441\u0442\u0438\u0442\u0443\u0442 \u043d\u0430\u0443\u043a\u0438, \u043a\u0443\u043b\u044c\u0442\u0443\u0440\u044b \u0438 \u043d\u0430\u0441\u043b\u0435\u0434\u0438\u044f \u0435\u0432\u0440\u0435\u0439\u0441\u043a\u043e\u0433\u043e \u043d\u0430\u0440\u043e\u0434\u0430\",\"publisher\":{\"@id\":\"https:\\\/\\\/amhazikaron.org\\\/es\\\/#organization\"},\"potentialAction\":[{\"@type\":\"SearchAction\",\"target\":{\"@type\":\"EntryPoint\",\"urlTemplate\":\"https:\\\/\\\/amhazikaron.org\\\/es\\\/?s={search_term_string}\"},\"query-input\":{\"@type\":\"PropertyValueSpecification\",\"valueRequired\":true,\"valueName\":\"search_term_string\"}}],\"inLanguage\":\"es\"},{\"@type\":\"Organization\",\"@id\":\"https:\\\/\\\/amhazikaron.org\\\/es\\\/#organization\",\"name\":\"Am haZikaron\",\"url\":\"https:\\\/\\\/amhazikaron.org\\\/es\\\/\",\"logo\":{\"@type\":\"ImageObject\",\"inLanguage\":\"es\",\"@id\":\"https:\\\/\\\/amhazikaron.org\\\/es\\\/#\\\/schema\\\/logo\\\/image\\\/\",\"url\":\"https:\\\/\\\/amhazikaron.org\\\/wp-content\\\/uploads\\\/2025\\\/04\\\/logo.svg\",\"contentUrl\":\"https:\\\/\\\/amhazikaron.org\\\/wp-content\\\/uploads\\\/2025\\\/04\\\/logo.svg\",\"width\":48,\"height\":48,\"caption\":\"Am haZikaron\"},\"image\":{\"@id\":\"https:\\\/\\\/amhazikaron.org\\\/es\\\/#\\\/schema\\\/logo\\\/image\\\/\"},\"sameAs\":[\"https:\\\/\\\/www.facebook.com\\\/jewage\",\"https:\\\/\\\/x.com\\\/AmhaZikaron\"]}]}<\/script>\n<!-- \/ Yoast SEO plugin. -->","yoast_head_json":{"title":"Teor\u00eda de los metaclanes - Am haZikaron","robots":{"index":"index","follow":"follow","max-snippet":"max-snippet:-1","max-image-preview":"max-image-preview:large","max-video-preview":"max-video-preview:-1"},"canonical":"https:\/\/amhazikaron.org\/es\/research\/teoria-de-los-metaclanes\/","og_locale":"es_ES","og_type":"article","og_title":"Teor\u00eda de los metaclanes - Am haZikaron","og_description":"El pueblo jud\u00edo es un sistema de clanes interconectados, cada uno cumpliendo su propia meta-tarea \u00fanica","og_url":"https:\/\/amhazikaron.org\/es\/research\/teoria-de-los-metaclanes\/","og_site_name":"Am haZikaron","article_publisher":"https:\/\/www.facebook.com\/jewage","article_modified_time":"2026-08-06T13:57:28+00:00","og_image":[{"width":1363,"height":907,"url":"https:\/\/amhazikaron.org\/wp-content\/uploads\/2025\/04\/metaclan22.jpg","type":"image\/jpeg"}],"twitter_card":"summary_large_image","twitter_site":"@AmhaZikaron","twitter_misc":{"Tiempo de lectura":"3 minutos"},"schema":{"@context":"https:\/\/schema.org","@graph":[{"@type":"WebPage","@id":"https:\/\/amhazikaron.org\/es\/research\/teoria-de-los-metaclanes\/","url":"https:\/\/amhazikaron.org\/es\/research\/teoria-de-los-metaclanes\/","name":"Teor\u00eda de los metaclanes - Am haZikaron","isPartOf":{"@id":"https:\/\/amhazikaron.org\/es\/#website"},"primaryImageOfPage":{"@id":"https:\/\/amhazikaron.org\/es\/research\/teoria-de-los-metaclanes\/#primaryimage"},"image":{"@id":"https:\/\/amhazikaron.org\/es\/research\/teoria-de-los-metaclanes\/#primaryimage"},"thumbnailUrl":"https:\/\/amhazikaron.org\/wp-content\/uploads\/2025\/04\/metaclan22.jpg","datePublished":"2025-04-15T06:09:23+00:00","dateModified":"2026-08-06T13:57:28+00:00","breadcrumb":{"@id":"https:\/\/amhazikaron.org\/es\/research\/teoria-de-los-metaclanes\/#breadcrumb"},"inLanguage":"es","potentialAction":[{"@type":"ReadAction","target":["https:\/\/amhazikaron.org\/es\/research\/teoria-de-los-metaclanes\/"]}]},{"@type":"ImageObject","inLanguage":"es","@id":"https:\/\/amhazikaron.org\/es\/research\/teoria-de-los-metaclanes\/#primaryimage","url":"https:\/\/amhazikaron.org\/wp-content\/uploads\/2025\/04\/metaclan22.jpg","contentUrl":"https:\/\/amhazikaron.org\/wp-content\/uploads\/2025\/04\/metaclan22.jpg","width":1363,"height":907,"caption":"Metaclans teory cover"},{"@type":"BreadcrumbList","@id":"https:\/\/amhazikaron.org\/es\/research\/teoria-de-los-metaclanes\/#breadcrumb","itemListElement":[{"@type":"ListItem","position":1,"name":"\u0413\u043b\u0430\u0432\u043d\u0430\u044f \u0441\u0442\u0440\u0430\u043d\u0438\u0446\u0430","item":"https:\/\/amhazikaron.org\/es\/principal\/"},{"@type":"ListItem","position":2,"name":"Teor\u00eda de los metaclanes"}]},{"@type":"WebSite","@id":"https:\/\/amhazikaron.org\/es\/#website","url":"https:\/\/amhazikaron.org\/es\/","name":"Am haZikaron","description":"\u0418\u043d\u0441\u0442\u0438\u0442\u0443\u0442 \u043d\u0430\u0443\u043a\u0438, \u043a\u0443\u043b\u044c\u0442\u0443\u0440\u044b \u0438 \u043d\u0430\u0441\u043b\u0435\u0434\u0438\u044f \u0435\u0432\u0440\u0435\u0439\u0441\u043a\u043e\u0433\u043e \u043d\u0430\u0440\u043e\u0434\u0430","publisher":{"@id":"https:\/\/amhazikaron.org\/es\/#organization"},"potentialAction":[{"@type":"SearchAction","target":{"@type":"EntryPoint","urlTemplate":"https:\/\/amhazikaron.org\/es\/?s={search_term_string}"},"query-input":{"@type":"PropertyValueSpecification","valueRequired":true,"valueName":"search_term_string"}}],"inLanguage":"es"},{"@type":"Organization","@id":"https:\/\/amhazikaron.org\/es\/#organization","name":"Am haZikaron","url":"https:\/\/amhazikaron.org\/es\/","logo":{"@type":"ImageObject","inLanguage":"es","@id":"https:\/\/amhazikaron.org\/es\/#\/schema\/logo\/image\/","url":"https:\/\/amhazikaron.org\/wp-content\/uploads\/2025\/04\/logo.svg","contentUrl":"https:\/\/amhazikaron.org\/wp-content\/uploads\/2025\/04\/logo.svg","width":48,"height":48,"caption":"Am haZikaron"},"image":{"@id":"https:\/\/amhazikaron.org\/es\/#\/schema\/logo\/image\/"},"sameAs":["https:\/\/www.facebook.com\/jewage","https:\/\/x.com\/AmhaZikaron"]}]}},"_links":{"self":[{"href":"https:\/\/amhazikaron.org\/es\/wp-json\/wp\/v2\/research\/5756","targetHints":{"allow":["GET"]}}],"collection":[{"href":"https:\/\/amhazikaron.org\/es\/wp-json\/wp\/v2\/research"}],"about":[{"href":"https:\/\/amhazikaron.org\/es\/wp-json\/wp\/v2\/types\/research"}],"version-history":[{"count":16,"href":"https:\/\/amhazikaron.org\/es\/wp-json\/wp\/v2\/research\/5756\/revisions"}],"predecessor-version":[{"id":11234,"href":"https:\/\/amhazikaron.org\/es\/wp-json\/wp\/v2\/research\/5756\/revisions\/11234"}],"wp:featuredmedia":[{"embeddable":true,"href":"https:\/\/amhazikaron.org\/es\/wp-json\/wp\/v2\/media\/5759"}],"wp:attachment":[{"href":"https:\/\/amhazikaron.org\/es\/wp-json\/wp\/v2\/media?parent=5756"}],"curies":[{"name":"wp","href":"https:\/\/api.w.org\/{rel}","templated":true}]}}